{"id":27,"date":"2012-07-18T21:23:08","date_gmt":"2012-07-18T19:23:08","guid":{"rendered":"http:\/\/www.mvgoeggingen.com\/?page_id=27"},"modified":"2014-10-06T20:44:46","modified_gmt":"2014-10-06T18:44:46","slug":"jungmusikanten","status":"publish","type":"page","link":"http:\/\/www.mvgoeggingen.com\/?page_id=27","title":{"rendered":"Jungmusikanten"},"content":{"rendered":"<p><strong>Oktober 2014<\/strong><\/p>\n<div>Ab 01.10.2014 starten wieder neue Jungmusiker mit dem Unterricht. Es sind insgesamt 7 Jugendliche zwischen 8 und 15 Jahren.<\/div>\n<div><\/div>\n<div>Das Instrument, das dieses Jahr am meisten begeistern ist das Es-Saxophon. Dieses lernen drei junge Damen. Falls gleich beliebt ist dieses Jahr das Schalgzeug, hier konnten wir zwei junge Herren daf\u00fcr gewinnen. Danach folgen eine junge Damen an der Klarinette und eine junge Dame am Tenorhorn.<\/div>\n<div><\/div>\n<div>\u00a0Auf dem Sommerlager Ortenburg hat dieses Jahr eine Sch\u00fclerin die D1- Pr\u00fcfung abgelegt. Sabrina Vochatzer erreichte ein super Ergebnis. Sie konnte mi einer 1-2 wieder zufrieden nach G\u00f6ggingen zur\u00fcck reisen. Wir sind stolz und gratulieren Ihr von Herzen.<\/div>\n<div><\/div>\n<div>Im Herbst werden weitere Sch\u00fcler einen Teil der D1-Pr\u00fcfung ablegen. Sie sind bereits flei\u00dfig am \u00dcben und lernen.<\/div>\n<div><\/div>\n<div>Vom 24.10.2014 bis 26.10.2014 werden die Jugendlichen in Ausbildung und auch teilweise Aktive Musiker ein gemeinsames Wochenende im Donautal verbringen. Mit wandern, Spiele spielen, R\u00e4tsel l\u00f6sen, H\u00fcttenzauber und hoffentlich sch\u00f6nem Wetter werden die Jugendlichen sicherlich viel Spa\u00df haben.<\/div>\n<p><strong>Juli 2014<\/strong><\/p>\n<p>Bezirksjugendtag in Ablach 2014<br \/>\nAm vergangenen Samstag fand in Ablach der Bezirksjugendtag mit 50<br \/>\nKindern und Jugendlichen aus Ablach, Bittelschie\u00df, G\u00f6ggingen, Otters-<br \/>\nwang, Denkingen und Illmensee statt. Trotz &#8211; oder gerade wegen dem Re-<br \/>\ngen &#8211; war es ein sch\u00f6ner Tag mit tollen Erlebnissen. Die Dorfrallye wurde<br \/>\nkurz nach dem Start wetterbedingt in die Festhalle verlegt, in der die Sta-<br \/>\ntionen ruck zuck wieder aufgebaut wurden. Ob beim Hei\u00dfen Draht, Do-<br \/>\nsen werfen oder beim \u00c4pfel fischen, Geschicklichkeit und Ausdauer war<br \/>\ngefragt. Aber auch The Voice of Kids oder Torwand schie\u00dfen kamen gut<br \/>\nbei den Kindern und Jugendlichen an. Nach einer kleinen St\u00e4rkung auf<br \/>\ndem Festplatz des Gartenfestes der Musikkapelle Ablach bei Wurst und<br \/>\nBluna ging es weiter im Programm. Jeder Gruppe durfte ihre eigene Holz-<br \/>\ntafel kreativ gestalten und beim Malen nach Zahlen kam dann ein gro\u00dfes<br \/>\nBild zur Erinnerung an den Bezirksjugendtag zum Vorschein! Alle Kinder<br \/>\nund Jugendlichen waren mit vollen Eifer und Freude am Werk! Nach ei-<br \/>\nner kleinen Runde V\u00f6lkerball und einem wunderbaren Rhythmusspiel<br \/>\nging ein erlebnisreicher Tag dem Ende zu. Zum Abschluss wurden die be-<br \/>\nsten Mannschaften der Dorfrallye geehrt. Und hier gab es eine \u00dcberra-<br \/>\nschung, die j\u00fcngste M\u00e4delsgruppe belegte den ersten Platz, klasse! Der<br \/>\nBezirksjugendtag in Ablach war f\u00fcr alle Beteiligten ein gro\u00dfartiges Erleb-<br \/>\nnis, das dem Regenwetter getrotzt und neue Freundschaften gekn\u00fcpft hat!<br \/>\nEin Dankesch\u00f6n gilt der Sparkasse Krauchenwies, der Metzgerei Frick<br \/>\nund der Firma Holzbau Milkau f\u00fcr die Unterst\u00fctzung und Spenden, die<br \/>\ndiesen Tag erst erm\u00f6glicht haben! Und ein gro\u00dfes Dankesch\u00f6n nat\u00fcrlich<br \/>\nauch allen Helfern, sei es an den Stationen, im Orga-Team oder bei der<br \/>\nVerpflegung, ihr seid spitze!!! Und nochmal vielen lieben Dank!!!<\/p>\n","protected":false},"excerpt":{"rendered":"<p>Oktober 2014 Ab 01.10.2014 starten wieder neue Jungmusiker mit dem Unterricht. Es sind insgesamt 7 Jugendliche zwischen 8 und 15 Jahren. Das Instrument, das dieses&#8230;<\/p>\n","protected":false},"author":1,"featured_media":0,"parent":0,"menu_order":0,"comment_status":"closed","ping_status":"closed","template":"","meta":{"ngg_post_thumbnail":0},"_links":{"self":[{"href":"http:\/\/www.mvgoeggingen.com\/index.php?rest_route=\/wp\/v2\/pages\/27"}],"collection":[{"href":"http:\/\/www.mvgoeggingen.com\/index.php?rest_route=\/wp\/v2\/pages"}],"about":[{"href":"http:\/\/www.mvgoeggingen.com\/index.php?rest_route=\/wp\/v2\/types\/page"}],"author":[{"embeddable":true,"href":"http:\/\/www.mvgoeggingen.com\/index.php?rest_route=\/wp\/v2\/users\/1"}],"replies":[{"embeddable":true,"href":"http:\/\/www.mvgoeggingen.com\/index.php?rest_route=%2Fwp%2Fv2%2Fcomments&post=27"}],"version-history":[{"count":8,"href":"http:\/\/www.mvgoeggingen.com\/index.php?rest_route=\/wp\/v2\/pages\/27\/revisions"}],"predecessor-version":[{"id":577,"href":"http:\/\/www.mvgoeggingen.com\/index.php?rest_route=\/wp\/v2\/pages\/27\/revisions\/577"}],"wp:attachment":[{"href":"http:\/\/www.mvgoeggingen.com\/index.php?rest_route=%2Fwp%2Fv2%2Fmedia&parent=27"}],"curies":[{"name":"wp","href":"https:\/\/api.w.org\/{rel}","templated":true}]}}